{"id":440,"date":"2021-11-22T14:21:10","date_gmt":"2021-11-22T19:21:10","guid":{"rendered":"https:\/\/policestops-yourrights.ccla.org\/?page_id=440"},"modified":"2021-11-29T12:27:56","modified_gmt":"2021-11-29T17:27:56","slug":"how-do-we-know-racial-profiling-exists-in-canada","status":"publish","type":"page","link":"https:\/\/policestops-yourrights.ccla.org\/fr\/how-do-we-know-racial-profiling-exists-in-canada\/","title":{"rendered":"Comment savons-nous que le profilage racial existe au Canada?"},"content":{"rendered":"<div id=\"fws_69f218f44b220\"  data-column-margin=\"default\" data-midnight=\"dark\"  class=\"wpb_row vc_row-fluid vc_row\"  style=\"padding-top: 0px; padding-bottom: 0px; \"><div class=\"row-bg-wrap\" data-bg-animation=\"none\" data-bg-overlay=\"false\"><div class=\"inner-wrap\"><div class=\"row-bg\"  style=\"\"><\/div><\/div><\/div><div class=\"row_col_wrap_12 col span_12 dark left\">\n\t<div  class=\"vc_col-sm-12 wpb_column column_container vc_column_container col no-extra-padding inherit_tablet inherit_phone\"  data-padding-pos=\"all\" data-has-bg-color=\"false\" data-bg-color=\"\" data-bg-opacity=\"1\" data-animation=\"\" data-delay=\"0\" >\n\t\t<div class=\"vc_column-inner\" >\n\t\t\t<div class=\"wpb_wrapper\">\n\t\t\t\t\r\n\t\t<div id=\"fws_69f218f44bd27\"  data-column-margin=\"default\" data-midnight=\"dark\" data-top-percent=\"6%\" data-bottom-percent=\"6%\"  class=\"wpb_row vc_row-fluid vc_row full-width-section\"  style=\"padding-top: calc(100vw * 0.06); padding-bottom: calc(100vw * 0.06); \"><div class=\"row-bg-wrap\" data-bg-animation=\"none\" data-bg-overlay=\"true\"><div class=\"inner-wrap using-image\"><div class=\"row-bg using-image using-bg-color\"  style=\"background-image: url(https:\/\/policestops-yourrights.ccla.org\/wp-content\/uploads\/2021\/11\/night-time-police-intervention-bw-scaled.jpg); background-position: center top; background-repeat: no-repeat; background-color: #000000; \"><\/div><\/div><div class=\"row-bg-overlay\" style=\"background-color:#084c61;  opacity: 0.8; \"><\/div><\/div><div class=\"nectar-shape-divider-wrap\" style=\" height:80px;\"  data-height=\"80\" data-front=\"true\" data-style=\"fan\" data-position=\"bottom\" ><svg class=\"nectar-shape-divider\" aria-hidden=\"true\" fill=\"#ffffff\" xmlns=\"http:\/\/www.w3.org\/2000\/svg\" viewbox=\"0 0 1003.92 91\" preserveaspectratio=\"none\"> <polygon class=\"cls-1\" points=\"502.46 46.31 1 85.67 1 91.89 1002.91 91.89 1002.91 85.78 502.46 46.31\"\/><polygon class=\"cls-2\" points=\"502.46 45.8 1 0 1 91.38 1002.91 91.38 1002.91 0.1 502.46 45.8\"\/><rect class=\"cls-3\" y=\"45.81\" width=\"1003.92\" height=\"46.09\"\/>\r\n            <\/svg><\/div><div class=\"row_col_wrap_12 col span_12 dark left\">\n\t<div  class=\"vc_col-sm-12 wpb_column column_container vc_column_container col no-extra-padding inherit_tablet inherit_phone\"  data-padding-pos=\"all\" data-has-bg-color=\"false\" data-bg-color=\"\" data-bg-opacity=\"1\" data-animation=\"\" data-delay=\"0\" >\n\t\t<div class=\"vc_column-inner\" >\n\t\t\t<div class=\"wpb_wrapper\">\n\t\t\t\t<div class=\"nectar-highlighted-text font_size_11vh\" data-style=\"text_outline\" data-outline-thickness=\"regular\" data-user-color=\"true\" style=\"color: #ffffff;\" data-using-custom-color=\"false\" data-animation-delay=\"false\" data-color=\"\" data-color-gradient=\"\">\r\n<h1 style=\"line-height: .9em;\"><em>Introduction<\/em><\/h1>\r\n<\/div>\n\t\t\t<\/div> \n\t\t<\/div>\n\t<\/div> \n<\/div><\/div>\n\t\t\t<\/div> \n\t\t<\/div>\n\t<\/div> \n<\/div><\/div>\r\n\t\t<div id=\"fws_69f218f44c4ba\"  data-column-margin=\"default\" data-midnight=\"dark\" data-top-percent=\"3%\" data-bottom-percent=\"3%\"  class=\"wpb_row vc_row-fluid vc_row full-width-section\"  style=\"padding-top: calc(100vw * 0.03); padding-bottom: calc(100vw * 0.03); \"><div class=\"row-bg-wrap\" data-bg-animation=\"none\" data-bg-overlay=\"false\"><div class=\"inner-wrap\"><div class=\"row-bg\"  style=\"\"><\/div><\/div><\/div><div class=\"row_col_wrap_12 col span_12 dark left\">\n\t<div  class=\"vc_col-sm-12 wpb_column column_container vc_column_container col has-animation no-extra-padding inherit_tablet inherit_phone\"  data-padding-pos=\"top-bottom\" data-has-bg-color=\"false\" data-bg-color=\"\" data-bg-opacity=\"1\" data-animation=\"fade-in\" data-delay=\"0\" >\n\t\t<div class=\"vc_column-inner\" >\n\t\t\t<div class=\"wpb_wrapper\">\n\t\t\t\t<h2 style=\"color: #db3a34;text-align: left\" class=\"vc_custom_heading\" >Comment savons-nous que le profilage racial existe au Canada?<\/h2><div class=\"divider-wrap\" data-alignment=\"default\"><div style=\"height: 30px;\" class=\"divider\"><\/div><\/div>\r\n<div class=\"wpb_text_column wpb_content_element\" >\r\n\t<div class=\"wpb_wrapper\">\r\n\t\t<p>Depuis des d\u00e9cennies, les communaut\u00e9s noires, autochtones, asiatiques, arabes et les autres communaut\u00e9s racis\u00e9es s\u2019\u00e9l\u00e8vent contre le fait d\u2019\u00eatre interpell\u00e9es de mani\u00e8re disproportionn\u00e9e et sans raison valable par la police. Des chercheurs universitaires, des journalistes d\u2019enqu\u00eate, des organisateurs communautaires et des rapports officiels ont \u00e9galement soulev\u00e9 ces pr\u00e9occupations sur la base des preuves qu\u2019ils ont recueillies. Les donn\u00e9es sur les interpellations polici\u00e8res et les arrestations montrent \u00e9galement une nette diff\u00e9rence dans les interactions avec la police en fonction de la race au Canada. Aujourd\u2019hui, les tribunaux canadiens reconnaissent l\u2019existence du profilage racial.<\/p>\n<p>Beaucoup de personnes\u202f2SLGBTQI+, de personnes sans domicile fixe et en situation de handicap se sentent cibl\u00e9es par la police et d\u00e9clarent \u00eatre interpell\u00e9es ou harcel\u00e9es de mani\u00e8re disproportionn\u00e9e. Ce ph\u00e9nom\u00e8ne s\u2019accentue pour les personnes confront\u00e9es \u00e0 des formes de discrimination crois\u00e9e (p. ex. une personne racis\u00e9e souffrant d\u2019un handicap).<\/p>\n\t<\/div>\r\n<\/div>\r\n\r\n\r\n\r\n\n\t\t\t<\/div> \n\t\t<\/div>\n\t<\/div> \n<\/div><\/div>\r\n\t\t<div id=\"fws_69f218f44d0eb\"  data-column-margin=\"default\" data-midnight=\"light\" data-top-percent=\"3%\" data-bottom-percent=\"3%\"  class=\"wpb_row vc_row-fluid vc_row full-width-section\"  style=\"padding-top: calc(100vw * 0.03); padding-bottom: calc(100vw * 0.03); \"><div class=\"row-bg-wrap\" data-bg-animation=\"none\" data-bg-overlay=\"true\"><div class=\"inner-wrap using-image\"><div class=\"row-bg using-image using-bg-color\"  style=\"background-image: url(https:\/\/policestops-yourrights.ccla.org\/wp-content\/uploads\/2021\/11\/rippled-textile-flag-of-canada-close-up-2021-09-03-04-17-07-utc.jpg); background-position: center center; background-repeat: no-repeat; background-color: #323031; \"><\/div><\/div><div class=\"row-bg-overlay\" style=\"background-color:#323031;  opacity: 0.8; \"><\/div><\/div><div class=\"row_col_wrap_12 col span_12 light left\">\n\t<div  class=\"vc_col-sm-12 wpb_column column_container vc_column_container col has-animation no-extra-padding inherit_tablet inherit_phone\"  data-padding-pos=\"top\" data-has-bg-color=\"false\" data-bg-color=\"\" data-bg-opacity=\"1\" data-animation=\"fade-in\" data-delay=\"0\" >\n\t\t<div class=\"vc_column-inner\" >\n\t\t\t<div class=\"wpb_wrapper\">\n\t\t\t\t<h4 style=\"color: #ffffff;text-align: left\" class=\"vc_custom_heading\" >Les preuves de pr\u00e9jug\u00e9s raciaux dans la police sont issues de rapports et des services de police<\/h4>\r\n<div class=\"wpb_text_column wpb_content_element\" >\r\n\t<div class=\"wpb_wrapper\">\r\n\t\t<p class=\"vc_custom_heading\">(et certains chiffres pourraient \u00eatre encore pires que ce que montrent les donn\u00e9es rapport\u00e9es)\u202f:<\/p>\n\t<\/div>\r\n<\/div>\r\n\r\n\r\n\r\n<div class=\"divider-wrap\" data-alignment=\"default\"><div style=\"height: 30px;\" class=\"divider\"><\/div><\/div><div id=\"fws_69f218f44d82e\" data-midnight=\"\" data-column-margin=\"20px\" class=\"wpb_row vc_row-fluid vc_row inner_row  vc_row-o-equal-height vc_row-flex vc_row-o-content-top\"  style=\"\"><div class=\"row-bg-wrap\"> <div class=\"row-bg\" ><\/div> <\/div><div class=\"row_col_wrap_12_inner col span_12  left\">\n\t<div style=\"\" class=\"vc_col-sm-5 vc_col-xs-6 wpb_column column_container vc_column_container col child_column padding-3-percent inherit_tablet inherit_phone\"  data-using-bg=\"true\" data-padding-pos=\"all\" data-has-bg-color=\"true\" data-bg-color=\"#db3a34\" data-bg-opacity=\"0.9\" data-hover-bg=\"#084c61\" data-hover-bg-opacity=\"1\" data-animation=\"\" data-delay=\"0\">\n\t\t<div class=\"vc_column-inner\" ><div class=\"column-bg-overlay-wrap\" data-bg-animation=\"none\"><div class=\"column-bg-overlay\" style=\"opacity: 0.9; background-color: #db3a34;\"><\/div><\/div>\n\t\t<div class=\"wpb_wrapper\">\n\t\t\t<h4 style=\"color: #ffffff;text-align: left\" class=\"vc_custom_heading\" >\u00c0 VANCOUVER<\/h4>\r\n<div class=\"wpb_text_column wpb_content_element\" >\r\n\t<div class=\"wpb_wrapper\">\r\n\t\t<p>Entre 2008 et 2017, 15\u202f% de tous les \u00ab\u202fcontr\u00f4les de routine\u202f\u00bb de la police concernaient des Autochtones, alors que ceux-ci ne repr\u00e9sentent que 2\u202f% de la population totale. En particulier, les femmes autochtones, qui repr\u00e9sentent 2\u202f% des femmes de Vancouver, repr\u00e9sentaient 21\u202f% des femmes faisant l\u2019objet d\u2019un \u00ab\u202fcontr\u00f4le de routine\u202f\u00bb. De m\u00eame, bien que les r\u00e9sidents noirs repr\u00e9sentent moins de 1\u202f% de la population totale de Vancouver, 4\u202f% des personnes interpell\u00e9es par la police \u00e9taient noires.<\/p>\n\t<\/div>\r\n<\/div>\r\n\r\n\r\n\r\n\n\t\t<\/div> \n\t<\/div>\n\t<\/div> \n\n\t<div style=\"\" class=\"vc_col-sm-4 vc_col-xs-4 wpb_column column_container vc_column_container col child_column padding-3-percent inherit_tablet inherit_phone\"  data-using-bg=\"true\" data-padding-pos=\"all\" data-has-bg-color=\"true\" data-bg-color=\"#db3a34\" data-bg-opacity=\"0.9\" data-hover-bg=\"#084c61\" data-hover-bg-opacity=\"1\" data-animation=\"\" data-delay=\"0\">\n\t\t<div class=\"vc_column-inner\" ><div class=\"column-bg-overlay-wrap\" data-bg-animation=\"none\"><div class=\"column-bg-overlay\" style=\"opacity: 0.9; background-color: #db3a34;\"><\/div><\/div>\n\t\t<div class=\"wpb_wrapper\">\n\t\t\t<h4 style=\"color: #ffffff;text-align: left\" class=\"vc_custom_heading\" >\u00c0 EDMONTON<\/h4>\r\n<div class=\"wpb_text_column wpb_content_element\" >\r\n\t<div class=\"wpb_wrapper\">\r\n\t\t<p>Les r\u00e9sidents noirs risquent 3 \u00e0 5\u202ffois plus que les autres d\u2019\u00eatre fich\u00e9s (\u00eatre interpell\u00e9s et se faire demander une carte d\u2019identit\u00e9), les femmes autochtones \u00e9tant \u00e9galement surrepr\u00e9sent\u00e9es de mani\u00e8re disproportionn\u00e9e.<\/p>\n\t<\/div>\r\n<\/div>\r\n\r\n\r\n\r\n\n\t\t<\/div> \n\t<\/div>\n\t<\/div> \n\n\t<div style=\"\" class=\"vc_col-sm-3 wpb_column column_container vc_column_container col child_column padding-3-percent inherit_tablet inherit_phone\"  data-using-bg=\"true\" data-padding-pos=\"all\" data-has-bg-color=\"true\" data-bg-color=\"#db3a34\" data-bg-opacity=\"0.9\" data-hover-bg=\"#084c61\" data-hover-bg-opacity=\"1\" data-animation=\"\" data-delay=\"0\">\n\t\t<div class=\"vc_column-inner\" ><div class=\"column-bg-overlay-wrap\" data-bg-animation=\"none\"><div class=\"column-bg-overlay\" style=\"opacity: 0.9; background-color: #db3a34;\"><\/div><\/div>\n\t\t<div class=\"wpb_wrapper\">\n\t\t\t<h4 style=\"color: #ffffff;text-align: left\" class=\"vc_custom_heading\" >\u00c0 HALIFAX<\/h4>\r\n<div class=\"wpb_text_column wpb_content_element\" >\r\n\t<div class=\"wpb_wrapper\">\r\n\t\t<p>Les r\u00e9sidents arabes et d\u2019Asie occidentale ont un taux de \u00ab\u202fcontr\u00f4le de routine\u202f\u00bb l\u00e9g\u00e8rement plus \u00e9lev\u00e9 que les r\u00e9sidents blancs, selon une \u00e9tude portant sur les ann\u00e9es\u202f2006 \u00e0 2017.<\/p>\n\t<\/div>\r\n<\/div>\r\n\r\n\r\n\r\n\n\t\t<\/div> \n\t<\/div>\n\t<\/div> \n<\/div><\/div><div id=\"fws_69f218f44e6fd\" data-midnight=\"\" data-column-margin=\"20px\" class=\"wpb_row vc_row-fluid vc_row inner_row  vc_row-o-equal-height vc_row-flex vc_row-o-content-top\"  style=\"\"><div class=\"row-bg-wrap\"> <div class=\"row-bg\" ><\/div> <\/div><div class=\"row_col_wrap_12_inner col span_12  left\">\n\t<div style=\"\" class=\"vc_col-sm-4 vc_col-xs-3 wpb_column column_container vc_column_container col child_column padding-3-percent inherit_tablet inherit_phone\"  data-using-bg=\"true\" data-padding-pos=\"all\" data-has-bg-color=\"true\" data-bg-color=\"#db3a34\" data-bg-opacity=\"0.9\" data-hover-bg=\"#084c61\" data-hover-bg-opacity=\"1\" data-animation=\"\" data-delay=\"0\">\n\t\t<div class=\"vc_column-inner\" ><div class=\"column-bg-overlay-wrap\" data-bg-animation=\"none\"><div class=\"column-bg-overlay\" style=\"opacity: 0.9; background-color: #db3a34;\"><\/div><\/div>\n\t\t<div class=\"wpb_wrapper\">\n\t\t\t<h4 style=\"color: #ffffff;text-align: left\" class=\"vc_custom_heading\" >\u00c0 TORONTO<\/h4>\r\n<div class=\"wpb_text_column wpb_content_element\" >\r\n\t<div class=\"wpb_wrapper\">\r\n\t\t<p>De 2013 \u00e0 2017, les Noirs ont \u00e9t\u00e9 accus\u00e9s par la police 3,9\u202ffois plus que les Blancs, et 7,1\u202ffois plus que les personnes d\u2019autres groupes racis\u00e9s. Pourtant, les Noirs \u00e9taient \u00e9galement beaucoup plus susceptibles de voir ces accusations retir\u00e9es, ou de ne pas \u00eatre condamn\u00e9s, que les Blancs. On peut se demander avec inqui\u00e9tude pourquoi tant d\u2019accusations ont \u00e9t\u00e9 port\u00e9es en premier lieu.<\/p>\n\t<\/div>\r\n<\/div>\r\n\r\n\r\n\r\n\n\t\t<\/div> \n\t<\/div>\n\t<\/div> \n\n\t<div style=\"\" class=\"vc_col-sm-4 vc_col-xs-4 wpb_column column_container vc_column_container col child_column padding-3-percent inherit_tablet inherit_phone\"  data-using-bg=\"true\" data-padding-pos=\"all\" data-has-bg-color=\"true\" data-bg-color=\"#db3a34\" data-bg-opacity=\"0.9\" data-hover-bg=\"#084c61\" data-hover-bg-opacity=\"1\" data-animation=\"\" data-delay=\"0\">\n\t\t<div class=\"vc_column-inner\" ><div class=\"column-bg-overlay-wrap\" data-bg-animation=\"none\"><div class=\"column-bg-overlay\" style=\"opacity: 0.9; background-color: #db3a34;\"><\/div><\/div>\n\t\t<div class=\"wpb_wrapper\">\n\t\t\t<h4 style=\"color: #ffffff;text-align: left\" class=\"vc_custom_heading\" >\u00c0 MONTR\u00c9AL<\/h4>\r\n<div class=\"wpb_text_column wpb_content_element\" >\r\n\t<div class=\"wpb_wrapper\">\r\n\t\t<p>Entre 2014 et 2017, une personne autochtone risquait 4,6\u202ffois plus d\u2019\u00eatre interpell\u00e9e par la police pour un \u00ab\u202fcontr\u00f4le de routine\u202f\u00bb (une interpellation qui n\u2019entra\u00eene pas une arrestation) qu\u2019une personne blanche. Une personne noire risquait 4,2\u202ffois plus d\u2019\u00eatre interpell\u00e9e, et les Montr\u00e9alais arabes avaient deux fois plus de chances d\u2019\u00eatre interpell\u00e9s que les Montr\u00e9alais blancs.<\/p>\n\t<\/div>\r\n<\/div>\r\n\r\n\r\n\r\n\n\t\t<\/div> \n\t<\/div>\n\t<\/div> \n\n\t<div style=\"\" class=\"vc_col-sm-4 vc_col-xs-4 wpb_column column_container vc_column_container col child_column padding-3-percent inherit_tablet inherit_phone\"  data-using-bg=\"true\" data-padding-pos=\"all\" data-has-bg-color=\"true\" data-bg-color=\"#db3a34\" data-bg-opacity=\"0.9\" data-hover-bg=\"#084c61\" data-hover-bg-opacity=\"1\" data-animation=\"\" data-delay=\"0\">\n\t\t<div class=\"vc_column-inner\" ><div class=\"column-bg-overlay-wrap\" data-bg-animation=\"none\"><div class=\"column-bg-overlay\" style=\"opacity: 0.9; background-color: #db3a34;\"><\/div><\/div>\n\t\t<div class=\"wpb_wrapper\">\n\t\t\t<h4 style=\"color: #ffffff;text-align: left\" class=\"vc_custom_heading\" >\u00c0 HALIFAX<\/h4>\r\n<div class=\"wpb_text_column wpb_content_element\" >\r\n\t<div class=\"wpb_wrapper\">\r\n\t\t<p>Sur une p\u00e9riode de 12\u202fans, de 2006 \u00e0 2017, les Noirs \u00e9taient 6,1\u202ffois plus susceptibles de subir un \u00ab\u202fcontr\u00f4le de routine\u202f\u00bb (interpellation par la police et prise en note de leurs coordonn\u00e9es) que les Blancs. Les hommes noirs \u00e9taient sept fois plus susceptibles d\u2019\u00eatre interpell\u00e9s et contr\u00f4l\u00e9s que les hommes blancs, et 23\u202ffois plus susceptibles d\u2019\u00eatre interpell\u00e9s et contr\u00f4l\u00e9s que les femmes blanches.<\/p>\n\t<\/div>\r\n<\/div>\r\n\r\n\r\n\r\n\n\t\t<\/div> \n\t<\/div>\n\t<\/div> \n<\/div><\/div>\n\t\t\t<\/div> \n\t\t<\/div>\n\t<\/div> \n<\/div><\/div>","protected":false},"excerpt":{"rendered":"Introduction How do we know racial profiling exists in Canada? Black, Indigenous, Asian, Arab, and other racialized communities have for decades raised their voices about being stopped disproportionately and without...","protected":false},"author":1,"featured_media":0,"parent":0,"menu_order":0,"comment_status":"closed","ping_status":"closed","template":"","meta":{"footnotes":""},"wf_page_folders":[4],"class_list":["post-440","page","type-page","status-publish"],"yoast_head":"<!-- This site is optimized with the Yoast SEO plugin v27.5 - https:\/\/yoast.com\/product\/yoast-seo-wordpress\/ -->\n<title>How do we know racial profiling exists in Canada? | Know Your Rights: Racial Profiling &amp; Police Stops<\/title>\n<meta name=\"robots\" content=\"index, follow, max-snippet:-1, max-image-preview:large, max-video-preview:-1\" \/>\n<link rel=\"canonical\" href=\"https:\/\/policestops-yourrights.ccla.org\/fr\/how-do-we-know-racial-profiling-exists-in-canada\/\" \/>\n<meta property=\"og:locale\" content=\"fr_CA\" \/>\n<meta property=\"og:type\" content=\"article\" \/>\n<meta property=\"og:title\" content=\"How do we know racial profiling exists in Canada? | Know Your Rights: Racial Profiling &amp; Police Stops\" \/>\n<meta property=\"og:url\" content=\"https:\/\/policestops-yourrights.ccla.org\/fr\/how-do-we-know-racial-profiling-exists-in-canada\/\" \/>\n<meta property=\"og:site_name\" content=\"Know Your Rights: Racial Profiling &amp; Police Stops\" \/>\n<meta property=\"article:modified_time\" content=\"2021-11-29T17:27:56+00:00\" \/>\n<meta name=\"twitter:card\" content=\"summary_large_image\" \/>\n<meta name=\"twitter:label1\" content=\"Estimation du temps de lecture\" \/>\n\t<meta name=\"twitter:data1\" content=\"4 minutes\" \/>\n<script type=\"application\/ld+json\" class=\"yoast-schema-graph\">{\"@context\":\"https:\\\/\\\/schema.org\",\"@graph\":[{\"@type\":\"WebPage\",\"@id\":\"https:\\\/\\\/policestops-yourrights.ccla.org\\\/how-do-we-know-racial-profiling-exists-in-canada\\\/\",\"url\":\"https:\\\/\\\/policestops-yourrights.ccla.org\\\/how-do-we-know-racial-profiling-exists-in-canada\\\/\",\"name\":\"How do we know racial profiling exists in Canada? | Know Your Rights: Racial Profiling &amp; Police Stops\",\"isPartOf\":{\"@id\":\"https:\\\/\\\/policestops-yourrights.ccla.org\\\/#website\"},\"datePublished\":\"2021-11-22T19:21:10+00:00\",\"dateModified\":\"2021-11-29T17:27:56+00:00\",\"breadcrumb\":{\"@id\":\"https:\\\/\\\/policestops-yourrights.ccla.org\\\/how-do-we-know-racial-profiling-exists-in-canada\\\/#breadcrumb\"},\"inLanguage\":\"fr-CA\",\"potentialAction\":[{\"@type\":\"ReadAction\",\"target\":[\"https:\\\/\\\/policestops-yourrights.ccla.org\\\/how-do-we-know-racial-profiling-exists-in-canada\\\/\"]}]},{\"@type\":\"BreadcrumbList\",\"@id\":\"https:\\\/\\\/policestops-yourrights.ccla.org\\\/how-do-we-know-racial-profiling-exists-in-canada\\\/#breadcrumb\",\"itemListElement\":[{\"@type\":\"ListItem\",\"position\":1,\"name\":\"Home\",\"item\":\"https:\\\/\\\/policestops-yourrights.ccla.org\\\/\"},{\"@type\":\"ListItem\",\"position\":2,\"name\":\"How do we know racial profiling exists in Canada?\"}]},{\"@type\":\"WebSite\",\"@id\":\"https:\\\/\\\/policestops-yourrights.ccla.org\\\/#website\",\"url\":\"https:\\\/\\\/policestops-yourrights.ccla.org\\\/\",\"name\":\"Know Your Rights: Racial Profiling &amp; Police Stops\",\"description\":\"Brought to you by the Canadian Civil Liberties Association\",\"potentialAction\":[{\"@type\":\"SearchAction\",\"target\":{\"@type\":\"EntryPoint\",\"urlTemplate\":\"https:\\\/\\\/policestops-yourrights.ccla.org\\\/?s={search_term_string}\"},\"query-input\":{\"@type\":\"PropertyValueSpecification\",\"valueRequired\":true,\"valueName\":\"search_term_string\"}}],\"inLanguage\":\"fr-CA\"}]}<\/script>\n<!-- \/ Yoast SEO plugin. -->","yoast_head_json":{"title":"How do we know racial profiling exists in Canada? | Know Your Rights: Racial Profiling &amp; Police Stops","robots":{"index":"index","follow":"follow","max-snippet":"max-snippet:-1","max-image-preview":"max-image-preview:large","max-video-preview":"max-video-preview:-1"},"canonical":"https:\/\/policestops-yourrights.ccla.org\/fr\/how-do-we-know-racial-profiling-exists-in-canada\/","og_locale":"fr_CA","og_type":"article","og_title":"How do we know racial profiling exists in Canada? | Know Your Rights: Racial Profiling &amp; Police Stops","og_url":"https:\/\/policestops-yourrights.ccla.org\/fr\/how-do-we-know-racial-profiling-exists-in-canada\/","og_site_name":"Know Your Rights: Racial Profiling &amp; Police Stops","article_modified_time":"2021-11-29T17:27:56+00:00","twitter_card":"summary_large_image","twitter_misc":{"Estimation du temps de lecture":"4 minutes"},"schema":{"@context":"https:\/\/schema.org","@graph":[{"@type":"WebPage","@id":"https:\/\/policestops-yourrights.ccla.org\/how-do-we-know-racial-profiling-exists-in-canada\/","url":"https:\/\/policestops-yourrights.ccla.org\/how-do-we-know-racial-profiling-exists-in-canada\/","name":"How do we know racial profiling exists in Canada? | Know Your Rights: Racial Profiling &amp; Police Stops","isPartOf":{"@id":"https:\/\/policestops-yourrights.ccla.org\/#website"},"datePublished":"2021-11-22T19:21:10+00:00","dateModified":"2021-11-29T17:27:56+00:00","breadcrumb":{"@id":"https:\/\/policestops-yourrights.ccla.org\/how-do-we-know-racial-profiling-exists-in-canada\/#breadcrumb"},"inLanguage":"fr-CA","potentialAction":[{"@type":"ReadAction","target":["https:\/\/policestops-yourrights.ccla.org\/how-do-we-know-racial-profiling-exists-in-canada\/"]}]},{"@type":"BreadcrumbList","@id":"https:\/\/policestops-yourrights.ccla.org\/how-do-we-know-racial-profiling-exists-in-canada\/#breadcrumb","itemListElement":[{"@type":"ListItem","position":1,"name":"Home","item":"https:\/\/policestops-yourrights.ccla.org\/"},{"@type":"ListItem","position":2,"name":"How do we know racial profiling exists in Canada?"}]},{"@type":"WebSite","@id":"https:\/\/policestops-yourrights.ccla.org\/#website","url":"https:\/\/policestops-yourrights.ccla.org\/","name":"Know Your Rights: Racial Profiling &amp; Police Stops","description":"Brought to you by the Canadian Civil Liberties Association","potentialAction":[{"@type":"SearchAction","target":{"@type":"EntryPoint","urlTemplate":"https:\/\/policestops-yourrights.ccla.org\/?s={search_term_string}"},"query-input":{"@type":"PropertyValueSpecification","valueRequired":true,"valueName":"search_term_string"}}],"inLanguage":"fr-CA"}]}},"_links":{"self":[{"href":"https:\/\/policestops-yourrights.ccla.org\/fr\/wp-json\/wp\/v2\/pages\/440","targetHints":{"allow":["GET"]}}],"collection":[{"href":"https:\/\/policestops-yourrights.ccla.org\/fr\/wp-json\/wp\/v2\/pages"}],"about":[{"href":"https:\/\/policestops-yourrights.ccla.org\/fr\/wp-json\/wp\/v2\/types\/page"}],"author":[{"embeddable":true,"href":"https:\/\/policestops-yourrights.ccla.org\/fr\/wp-json\/wp\/v2\/users\/1"}],"replies":[{"embeddable":true,"href":"https:\/\/policestops-yourrights.ccla.org\/fr\/wp-json\/wp\/v2\/comments?post=440"}],"version-history":[{"count":29,"href":"https:\/\/policestops-yourrights.ccla.org\/fr\/wp-json\/wp\/v2\/pages\/440\/revisions"}],"predecessor-version":[{"id":1126,"href":"https:\/\/policestops-yourrights.ccla.org\/fr\/wp-json\/wp\/v2\/pages\/440\/revisions\/1126"}],"wp:attachment":[{"href":"https:\/\/policestops-yourrights.ccla.org\/fr\/wp-json\/wp\/v2\/media?parent=440"}],"wp:term":[{"taxonomy":"wf_page_folders","embeddable":true,"href":"https:\/\/policestops-yourrights.ccla.org\/fr\/wp-json\/wp\/v2\/wf_page_folders?post=440"}],"curies":[{"name":"wp","href":"https:\/\/api.w.org\/{rel}","templated":true}]}}